{"id":4925,"date":"2023-02-22T22:55:03","date_gmt":"2023-02-22T22:55:03","guid":{"rendered":"https:\/\/lesbascules.fr\/music"},"modified":"2026-04-22T14:50:04","modified_gmt":"2026-04-22T14:50:04","slug":"music","status":"publish","type":"page","link":"https:\/\/lesbascules.fr\/en\/music","title":{"rendered":"MUSIC"},"content":{"rendered":"\t\t<div data-elementor-type=\"wp-post\" data-elementor-id=\"4925\" class=\"elementor elementor-4925 elementor-3554\" data-elementor-post-type=\"page\">\n\t\t\t\t\t\t<section class=\"elementor-section elementor-top-section elementor-element elementor-element-24ed306 elementor-section-height-min-height elementor-section-boxed elementor-section-height-default elementor-section-items-middle qodef-elementor-content-no\" data-id=\"24ed306\" data-element_type=\"section\" data-settings=\"{&quot;background_background&quot;:&quot;classic&quot;}\">\n\t\t\t\t\t\t<div class=\"elementor-container elementor-column-gap-default\">\n\t\t\t\t\t<div class=\"elementor-column elementor-col-100 elementor-top-column elementor-element elementor-element-17e79fa\" data-id=\"17e79fa\" data-element_type=\"column\" data-settings=\"{&quot;background_background&quot;:&quot;classic&quot;}\">\n\t\t\t<div class=\"elementor-widget-wrap elementor-element-populated\">\n\t\t\t\t\t\t<div class=\"elementor-element elementor-element-dd36104 elementor-widget elementor-widget-heading\" data-id=\"dd36104\" data-element_type=\"widget\" data-widget_type=\"heading.default\">\n\t\t\t\t<div class=\"elementor-widget-container\">\n\t\t\t\t\t<h2 class=\"elementor-heading-title elementor-size-default\">LIVE MUSIC<\/h2>\t\t\t\t<\/div>\n\t\t\t\t<\/div>\n\t\t\t\t<div class=\"elementor-element elementor-element-78199d3 elementor-widget elementor-widget-text-editor\" data-id=\"78199d3\" data-element_type=\"widget\" data-widget_type=\"text-editor.default\">\n\t\t\t\t<div class=\"elementor-widget-container\">\n\t\t\t\t\t\t\t\t\t<p>We welcome you on Thursday evenings to the cr\u00e8me de la cr\u00e8me of jazz in France (St\u00e9phane Guillaume, Baptiste Herbin, Sylvain Rifflet&#8230;) as well as promising emerging talents . Saturdays are devoted to duos performing a variety of music (soul, funk, bossa, french classics\u2026).<\/p><p>\u00a0<\/p><p><strong>Terms and conditions<\/strong><\/p><p>On concert evenings, a sum of \u20ac10 per person will be added to the price of the first drink to remunerate the artists.<\/p>\t\t\t\t\t\t\t\t<\/div>\n\t\t\t\t<\/div>\n\t\t\t\t\t<\/div>\n\t\t<\/div>\n\t\t\t\t\t<\/div>\n\t\t<\/section>\n\t\t\t\t<section class=\"elementor-section elementor-top-section elementor-element elementor-element-5d5df88 elementor-section-boxed elementor-section-height-default elementor-section-height-default qodef-elementor-content-no\" data-id=\"5d5df88\" data-element_type=\"section\">\n\t\t\t\t\t\t<div class=\"elementor-container elementor-column-gap-default\">\n\t\t\t\t\t<div class=\"elementor-column elementor-col-50 elementor-top-column elementor-element elementor-element-a965f4b\" data-id=\"a965f4b\" data-element_type=\"column\">\n\t\t\t<div class=\"elementor-widget-wrap elementor-element-populated\">\n\t\t\t\t\t\t<div class=\"elementor-element elementor-element-d082583 elementor-widget elementor-widget-gaspard_core_banner\" data-id=\"d082583\" data-element_type=\"widget\" data-widget_type=\"gaspard_core_banner.default\">\n\t\t\t\t<div class=\"elementor-widget-container\">\n\t\t\t\t\t<div class=\"qodef-shortcode qodef-m  qodef-banner qodef-layout--link-overlay\">\n\t<div class=\"qodef-m-image\">\n\t<img fetchpriority=\"high\" decoding=\"async\" width=\"400\" height=\"563\" src=\"https:\/\/lesbascules.fr\/wp-content\/uploads\/2023\/05\/GweqwmL0.gif\" class=\"attachment-full size-full\" alt=\"Tous les jeudis \u00e0 20:30h, la cr\u00e8me des groupes de jazz se produit aux Bascules. D\u00e9couvrez notre programme :\u00a0\" \/><\/div>\t<div class=\"qodef-m-content\">\n\t\t<div class=\"qodef-m-content-inner\">\n\t\t\t\t\t\t\t\t<\/div>\n\t<\/div>\n\t<a itemprop=\"url\" href=\"\" class=\"qodef-m-banner-link\" target=\"_self\"><\/a>\n<\/div>\t\t\t\t<\/div>\n\t\t\t\t<\/div>\n\t\t\t\t\t<\/div>\n\t\t<\/div>\n\t\t\t\t<div class=\"elementor-column elementor-col-50 elementor-top-column elementor-element elementor-element-5e7bd5e\" data-id=\"5e7bd5e\" data-element_type=\"column\">\n\t\t\t<div class=\"elementor-widget-wrap elementor-element-populated\">\n\t\t\t\t\t\t<div class=\"elementor-element elementor-element-c5928d0 elementor-widget elementor-widget-gaspard_core_section_title\" data-id=\"c5928d0\" data-element_type=\"widget\" data-widget_type=\"gaspard_core_section_title.default\">\n\t\t\t\t<div class=\"elementor-widget-container\">\n\t\t\t\t\t<div class=\"qodef-shortcode qodef-m  qodef-section-title qodef-alignment--left  qodef--has-appear\">\n\t\t<h5 class=\"qodef-m-title\" >\n\tLes Jeudis Jazz\t<\/h5>\n\t\t\t<div class=\"qodef-m-text\" >\n\t\t<p>Every Thursday at 8:30pm, the cr\u00e8me de la cr\u00e8me of jazz bands perform at Les Bascules. Discover our programme:<\/p>\t<\/div>\n\t\t<\/div>\t\t\t\t<\/div>\n\t\t\t\t<\/div>\n\t\t\t\t\t<\/div>\n\t\t<\/div>\n\t\t\t\t\t<\/div>\n\t\t<\/section>\n\t\t\t\t<section class=\"elementor-section elementor-top-section elementor-element elementor-element-56c0531 elementor-section-boxed elementor-section-height-default elementor-section-height-default qodef-elementor-content-no\" data-id=\"56c0531\" data-element_type=\"section\">\n\t\t\t\t\t\t<div class=\"elementor-container elementor-column-gap-default\">\n\t\t\t\t\t<div class=\"elementor-column elementor-col-50 elementor-top-column elementor-element elementor-element-01962b6\" data-id=\"01962b6\" data-element_type=\"column\">\n\t\t\t<div class=\"elementor-widget-wrap elementor-element-populated\">\n\t\t\t\t\t\t<div class=\"elementor-element elementor-element-535d1c4 elementor-widget elementor-widget-gaspard_core_banner\" data-id=\"535d1c4\" data-element_type=\"widget\" data-widget_type=\"gaspard_core_banner.default\">\n\t\t\t\t<div class=\"elementor-widget-container\">\n\t\t\t\t\t<div class=\"qodef-shortcode qodef-m  qodef-banner qodef-layout--link-overlay\">\n\t<div class=\"qodef-m-image\">\n\t<img decoding=\"async\" width=\"1204\" height=\"1678\" src=\"https:\/\/lesbascules.fr\/wp-content\/uploads\/2024\/02\/Capture-decran-2024-01-15-a-15.57.51.png\" class=\"attachment-full size-full\" alt=\"Affiche du bar restaurant Les Bascules pour les concerts du samedi soir\" srcset=\"https:\/\/lesbascules.fr\/wp-content\/uploads\/2024\/02\/Capture-decran-2024-01-15-a-15.57.51.png 1204w, https:\/\/lesbascules.fr\/wp-content\/uploads\/2024\/02\/Capture-decran-2024-01-15-a-15.57.51-215x300.png 215w, https:\/\/lesbascules.fr\/wp-content\/uploads\/2024\/02\/Capture-decran-2024-01-15-a-15.57.51-735x1024.png 735w, https:\/\/lesbascules.fr\/wp-content\/uploads\/2024\/02\/Capture-decran-2024-01-15-a-15.57.51-768x1070.png 768w, https:\/\/lesbascules.fr\/wp-content\/uploads\/2024\/02\/Capture-decran-2024-01-15-a-15.57.51-1102x1536.png 1102w\" sizes=\"(max-width: 1204px) 100vw, 1204px\" \/><\/div>\t<div class=\"qodef-m-content\">\n\t\t<div class=\"qodef-m-content-inner\">\n\t\t\t\t\t\t\t\t<\/div>\n\t<\/div>\n\t<a itemprop=\"url\" href=\"\" class=\"qodef-m-banner-link\" target=\"_self\"><\/a>\n<\/div>\t\t\t\t<\/div>\n\t\t\t\t<\/div>\n\t\t\t\t\t<\/div>\n\t\t<\/div>\n\t\t\t\t<div class=\"elementor-column elementor-col-50 elementor-top-column elementor-element elementor-element-1c1a52c\" data-id=\"1c1a52c\" data-element_type=\"column\">\n\t\t\t<div class=\"elementor-widget-wrap elementor-element-populated\">\n\t\t\t\t\t\t<div class=\"elementor-element elementor-element-2fb5d81 elementor-widget elementor-widget-gaspard_core_section_title\" data-id=\"2fb5d81\" data-element_type=\"widget\" data-widget_type=\"gaspard_core_section_title.default\">\n\t\t\t\t<div class=\"elementor-widget-container\">\n\t\t\t\t\t<div class=\"qodef-shortcode qodef-m  qodef-section-title qodef-alignment--left  qodef--has-appear\">\n\t\t<h5 class=\"qodef-m-title\" >\n\tBalance ton Samedi\t<\/h5>\n\t\t\t<div class=\"qodef-m-text\" >\n\t\t<p>Saturdays' DUOs or TRIOS\u00a0 playing and singing a wide range of musical genres starting 9 PM<\/p>\t<\/div>\n\t\t<\/div>\t\t\t\t<\/div>\n\t\t\t\t<\/div>\n\t\t\t\t\t<\/div>\n\t\t<\/div>\n\t\t\t\t\t<\/div>\n\t\t<\/section>\n\t\t\t\t<section class=\"elementor-section elementor-top-section elementor-element elementor-element-5c0412d elementor-section-boxed elementor-section-height-default elementor-section-height-default qodef-elementor-content-no\" data-id=\"5c0412d\" data-element_type=\"section\">\n\t\t\t\t\t\t<div class=\"elementor-container elementor-column-gap-default\">\n\t\t\t\t\t<div class=\"elementor-column elementor-col-100 elementor-top-column elementor-element elementor-element-d333e77\" data-id=\"d333e77\" data-element_type=\"column\">\n\t\t\t<div class=\"elementor-widget-wrap elementor-element-populated\">\n\t\t\t\t\t\t<div class=\"elementor-element elementor-element-39412d6 elementor-widget elementor-widget-heading\" data-id=\"39412d6\" data-element_type=\"widget\" data-widget_type=\"heading.default\">\n\t\t\t\t<div class=\"elementor-widget-container\">\n\t\t\t\t\t<h2 class=\"elementor-heading-title elementor-size-default\">OUR CONCERTS<\/h2>\t\t\t\t<\/div>\n\t\t\t\t<\/div>\n\t\t\t\t<div class=\"elementor-element elementor-element-efeb9ee elementor-widget elementor-widget-accordion\" data-id=\"efeb9ee\" data-element_type=\"widget\" data-widget_type=\"accordion.default\">\n\t\t\t\t<div class=\"elementor-widget-container\">\n\t\t\t\t\t\t\t<div class=\"elementor-accordion\">\n\t\t\t\t\t\t\t<div class=\"elementor-accordion-item\">\n\t\t\t\t\t<div id=\"elementor-tab-title-2511\" class=\"elementor-tab-title\" data-tab=\"1\" role=\"button\" aria-controls=\"elementor-tab-content-2511\" aria-expanded=\"false\">\n\t\t\t\t\t\t\t\t\t\t\t\t\t<span class=\"elementor-accordion-icon elementor-accordion-icon-left\" aria-hidden=\"true\">\n\t\t\t\t\t\t\t\t\t\t\t\t\t\t\t<span class=\"elementor-accordion-icon-closed\"><i class=\"fas fa-plus\"><\/i><\/span>\n\t\t\t\t\t\t\t\t<span class=\"elementor-accordion-icon-opened\"><i class=\"fas fa-minus\"><\/i><\/span>\n\t\t\t\t\t\t\t\t\t\t\t\t\t\t<\/span>\n\t\t\t\t\t\t\t\t\t\t\t\t<a class=\"elementor-accordion-title\" tabindex=\"0\">Thursday May 21:\"Indi-G\u00eane ?\" <\/a>\n\t\t\t\t\t<\/div>\n\t\t\t\t\t<div id=\"elementor-tab-content-2511\" class=\"elementor-tab-content elementor-clearfix\" data-tab=\"1\" role=\"region\" aria-labelledby=\"elementor-tab-title-2511\"><p>&#8220;Indi-G\u00eane?&#8221; &#8211; No\u00e9 Codjia &amp; Neil Saidi 5tet with No\u00e9 Huchard &#8211; Piano, Ton Guillois &#8211; Double Bass, Malte Arndal &#8211; Drums, No\u00e9 Codjia &#8211; Trumpet &amp; Neil Saidi &#8211; Saxophones. &#8220;Indi-G\u00eane?&#8221; is the first album from the No\u00e9 Codjia &amp; Neil Saidi 5tet, founders of the Zoot Collectif created in 2016. They are joined by the talented No\u00e9 Huchard, Ton Guillois, and Malte Arndal to showcase a repertoire made up entirely of original compositions, whose aesthetic follows in the footsteps of the great quintets that have marked the history of jazz. Between captivating improvisations and audacious harmonies, the quintet offers a vibrant and accessible experience, appealing to both enthusiasts and newcomers alike.<\/p><p><img decoding=\"async\" class=\"alignnone size-medium wp-image-7868\" src=\"https:\/\/lesbascules.fr\/wp-content\/uploads\/2026\/04\/Zoot5et_ByHellenaBURCHARD_DSC03654-300x200.jpg\" alt=\"\" width=\"300\" height=\"200\" srcset=\"https:\/\/lesbascules.fr\/wp-content\/uploads\/2026\/04\/Zoot5et_ByHellenaBURCHARD_DSC03654-300x200.jpg 300w, https:\/\/lesbascules.fr\/wp-content\/uploads\/2026\/04\/Zoot5et_ByHellenaBURCHARD_DSC03654-1024x683.jpg 1024w, https:\/\/lesbascules.fr\/wp-content\/uploads\/2026\/04\/Zoot5et_ByHellenaBURCHARD_DSC03654-768x512.jpg 768w, https:\/\/lesbascules.fr\/wp-content\/uploads\/2026\/04\/Zoot5et_ByHellenaBURCHARD_DSC03654-1536x1024.jpg 1536w, https:\/\/lesbascules.fr\/wp-content\/uploads\/2026\/04\/Zoot5et_ByHellenaBURCHARD_DSC03654-2048x1365.jpg 2048w\" sizes=\"(max-width: 300px) 100vw, 300px\" \/><\/p><\/div>\n\t\t\t\t<\/div>\n\t\t\t\t\t\t\t<div class=\"elementor-accordion-item\">\n\t\t\t\t\t<div id=\"elementor-tab-title-2512\" class=\"elementor-tab-title\" data-tab=\"2\" role=\"button\" aria-controls=\"elementor-tab-content-2512\" aria-expanded=\"false\">\n\t\t\t\t\t\t\t\t\t\t\t\t\t<span class=\"elementor-accordion-icon elementor-accordion-icon-left\" aria-hidden=\"true\">\n\t\t\t\t\t\t\t\t\t\t\t\t\t\t\t<span class=\"elementor-accordion-icon-closed\"><i class=\"fas fa-plus\"><\/i><\/span>\n\t\t\t\t\t\t\t\t<span class=\"elementor-accordion-icon-opened\"><i class=\"fas fa-minus\"><\/i><\/span>\n\t\t\t\t\t\t\t\t\t\t\t\t\t\t<\/span>\n\t\t\t\t\t\t\t\t\t\t\t\t<a class=\"elementor-accordion-title\" tabindex=\"0\">Thursday May 28: Pierre Manetti quartet\u00a0<\/a>\n\t\t\t\t\t<\/div>\n\t\t\t\t\t<div id=\"elementor-tab-content-2512\" class=\"elementor-tab-content elementor-clearfix\" data-tab=\"2\" role=\"region\" aria-labelledby=\"elementor-tab-title-2512\"><p>Pierre Manetti Quartet with Pierre Manetti: guitar; Christophe Cravero: organ; Laurent Locuratolo: drums; and Henri Dorina: bass. Drawing on his extensive experience, Pierre Manetti presents his first album, &#8220;First Shot.&#8221; Here we discover a true band where the contributions of Christophe Cravero on the C2D organ, drummer Laurent Locuratolo, and bassist Henri Dorina alternate between powerful and refined playing.<\/p><p><img loading=\"lazy\" decoding=\"async\" class=\"alignnone size-medium wp-image-7870\" src=\"https:\/\/lesbascules.fr\/wp-content\/uploads\/2026\/04\/Pierre-Meneti-227x300.jpeg\" alt=\"\" width=\"227\" height=\"300\" srcset=\"https:\/\/lesbascules.fr\/wp-content\/uploads\/2026\/04\/Pierre-Meneti-227x300.jpeg 227w, https:\/\/lesbascules.fr\/wp-content\/uploads\/2026\/04\/Pierre-Meneti-775x1024.jpeg 775w, https:\/\/lesbascules.fr\/wp-content\/uploads\/2026\/04\/Pierre-Meneti-768x1015.jpeg 768w, https:\/\/lesbascules.fr\/wp-content\/uploads\/2026\/04\/Pierre-Meneti-1162x1536.jpeg 1162w, https:\/\/lesbascules.fr\/wp-content\/uploads\/2026\/04\/Pierre-Meneti.jpeg 1376w\" sizes=\"(max-width: 227px) 100vw, 227px\" \/><\/p><\/div>\n\t\t\t\t<\/div>\n\t\t\t\t\t\t\t<div class=\"elementor-accordion-item\">\n\t\t\t\t\t<div id=\"elementor-tab-title-2513\" class=\"elementor-tab-title\" data-tab=\"3\" role=\"button\" aria-controls=\"elementor-tab-content-2513\" aria-expanded=\"false\">\n\t\t\t\t\t\t\t\t\t\t\t\t\t<span class=\"elementor-accordion-icon elementor-accordion-icon-left\" aria-hidden=\"true\">\n\t\t\t\t\t\t\t\t\t\t\t\t\t\t\t<span class=\"elementor-accordion-icon-closed\"><i class=\"fas fa-plus\"><\/i><\/span>\n\t\t\t\t\t\t\t\t<span class=\"elementor-accordion-icon-opened\"><i class=\"fas fa-minus\"><\/i><\/span>\n\t\t\t\t\t\t\t\t\t\t\t\t\t\t<\/span>\n\t\t\t\t\t\t\t\t\t\t\t\t<a class=\"elementor-accordion-title\" tabindex=\"0\">Saturday May 30: Jody Sternberg Trio <\/a>\n\t\t\t\t\t<\/div>\n\t\t\t\t\t<div id=\"elementor-tab-content-2513\" class=\"elementor-tab-content elementor-clearfix\" data-tab=\"3\" role=\"region\" aria-labelledby=\"elementor-tab-title-2513\"><p>Jody Sternberg Trio with Serge Merlaud &#8211; guitar, Gilles Naturel &#8211; double bass &amp; Jody Sternberg: Vocals &amp; Saxophone. \u201cJody Sternberg is a rare bird. The kind who has experienced highs and lows and drawn from them a unique, slightly flawed, terribly sincere voice.\u201d (T\u00e9l\u00e9rama)<\/p><p><img loading=\"lazy\" decoding=\"async\" class=\"alignnone size-medium wp-image-7872\" src=\"https:\/\/lesbascules.fr\/wp-content\/uploads\/2026\/04\/Jody-300x200.jpg\" alt=\"\" width=\"300\" height=\"200\" srcset=\"https:\/\/lesbascules.fr\/wp-content\/uploads\/2026\/04\/Jody-300x200.jpg 300w, https:\/\/lesbascules.fr\/wp-content\/uploads\/2026\/04\/Jody-1024x681.jpg 1024w, https:\/\/lesbascules.fr\/wp-content\/uploads\/2026\/04\/Jody-768x511.jpg 768w, https:\/\/lesbascules.fr\/wp-content\/uploads\/2026\/04\/Jody.jpg 1452w\" sizes=\"(max-width: 300px) 100vw, 300px\" \/><\/p><\/div>\n\t\t\t\t<\/div>\n\t\t\t\t\t\t\t\t<\/div>\n\t\t\t\t\t\t<\/div>\n\t\t\t\t<\/div>\n\t\t\t\t\t<\/div>\n\t\t<\/div>\n\t\t\t\t\t<\/div>\n\t\t<\/section>\n\t\t\t\t<section class=\"elementor-section elementor-top-section elementor-element elementor-element-d5ab22b elementor-section-boxed elementor-section-height-default elementor-section-height-default qodef-elementor-content-no\" data-id=\"d5ab22b\" data-element_type=\"section\">\n\t\t\t\t\t\t<div class=\"elementor-container elementor-column-gap-default\">\n\t\t\t\t\t<div class=\"elementor-column elementor-col-100 elementor-top-column elementor-element elementor-element-4e196e0\" data-id=\"4e196e0\" data-element_type=\"column\">\n\t\t\t<div class=\"elementor-widget-wrap elementor-element-populated\">\n\t\t\t\t\t\t<div class=\"elementor-element elementor-element-e73a3ed elementor-widget elementor-widget-video\" data-id=\"e73a3ed\" data-element_type=\"widget\" data-settings=\"{&quot;youtube_url&quot;:&quot;https:\\\/\\\/www.youtube.com\\\/watch?v=_tixqFvY7lQ&amp;feature=youtu.be&quot;,&quot;video_type&quot;:&quot;youtube&quot;,&quot;controls&quot;:&quot;yes&quot;}\" data-widget_type=\"video.default\">\n\t\t\t\t<div class=\"elementor-widget-container\">\n\t\t\t\t\t\t\t<div class=\"elementor-wrapper elementor-open-inline\">\n\t\t\t<div class=\"elementor-video\"><\/div>\t\t<\/div>\n\t\t\t\t\t\t<\/div>\n\t\t\t\t<\/div>\n\t\t\t\t\t<\/div>\n\t\t<\/div>\n\t\t\t\t\t<\/div>\n\t\t<\/section>\n\t\t\t\t<section class=\"elementor-section elementor-top-section elementor-element elementor-element-2196e99 elementor-section-boxed elementor-section-height-default elementor-section-height-default qodef-elementor-content-no\" data-id=\"2196e99\" data-element_type=\"section\" data-settings=\"{&quot;background_background&quot;:&quot;classic&quot;}\">\n\t\t\t\t\t\t<div class=\"elementor-container elementor-column-gap-default\">\n\t\t\t\t\t<div class=\"elementor-column elementor-col-100 elementor-top-column elementor-element elementor-element-8b38b29\" data-id=\"8b38b29\" data-element_type=\"column\">\n\t\t\t<div class=\"elementor-widget-wrap elementor-element-populated\">\n\t\t\t\t\t\t<div class=\"elementor-element elementor-element-8476824 elementor-widget elementor-widget-heading\" data-id=\"8476824\" data-element_type=\"widget\" data-widget_type=\"heading.default\">\n\t\t\t\t<div class=\"elementor-widget-container\">\n\t\t\t\t\t<h2 class=\"elementor-heading-title elementor-size-default\">IMMERSIVE SOUND<\/h2>\t\t\t\t<\/div>\n\t\t\t\t<\/div>\n\t\t\t\t<div class=\"elementor-element elementor-element-a01cc2a elementor-widget elementor-widget-text-editor\" data-id=\"a01cc2a\" data-element_type=\"widget\" data-widget_type=\"text-editor.default\">\n\t\t\t\t<div class=\"elementor-widget-container\">\n\t\t\t\t\t\t\t\t\tEvery melody holds its own beauty, which is why we\u2019ve chosen to be eclectic. Each music genre deserves the highest quality sound. Feel cocooned in a silken auditory experience from the end of a lazy afternoon all the way into late-night grooves.\n\t\t\t\t\t\t\t\t<\/div>\n\t\t\t\t<\/div>\n\t\t\t\t\t<\/div>\n\t\t<\/div>\n\t\t\t\t\t<\/div>\n\t\t<\/section>\n\t\t<div class=\"elementor-element elementor-element-5cc81f7 e-flex e-con-boxed e-con e-parent\" data-id=\"5cc81f7\" data-element_type=\"container\">\n\t\t\t\t\t<div class=\"e-con-inner\">\n\t\t\t\t\t<\/div>\n\t\t\t\t<\/div>\n\t\t\t\t<\/div>\n\t\t","protected":false},"excerpt":{"rendered":"<p>LIVE MUSIC We welcome you on Thursday evenings to the cr\u00e8me de la cr\u00e8me of jazz in France (St\u00e9phane Guillaume, Baptiste Herbin, Sylvain Rifflet&#8230;) as well as promising emerging talents . Saturdays are devoted to duos performing a variety of music (soul, funk, bossa, french classics\u2026). \u00a0 Terms and conditions On concert evenings, a sum [&hellip;]<\/p>\n","protected":false},"author":1,"featured_media":0,"parent":0,"menu_order":0,"comment_status":"closed","ping_status":"closed","template":"page-full-width.php","meta":{"footnotes":""},"class_list":["post-4925","page","type-page","status-publish","hentry"],"yoast_head":"<!-- This site is optimized with the Yoast SEO plugin v27.4 - https:\/\/yoast.com\/product\/yoast-seo-wordpress\/ -->\n<title>MUSIC - Les Bascules - Paris<\/title>\n<meta name=\"robots\" content=\"index, follow, max-snippet:-1, max-image-preview:large, max-video-preview:-1\" \/>\n<link rel=\"canonical\" href=\"https:\/\/lesbascules.fr\/en\/music\" \/>\n<meta property=\"og:locale\" content=\"en_US\" \/>\n<meta property=\"og:type\" content=\"article\" \/>\n<meta property=\"og:title\" content=\"MUSIC - Les Bascules - Paris\" \/>\n<meta property=\"og:description\" content=\"LIVE MUSIC We welcome you on Thursday evenings to the cr\u00e8me de la cr\u00e8me of jazz in France (St\u00e9phane Guillaume, Baptiste Herbin, Sylvain Rifflet&#8230;) as well as promising emerging talents . Saturdays are devoted to duos performing a variety of music (soul, funk, bossa, french classics\u2026). \u00a0 Terms and conditions On concert evenings, a sum [&hellip;]\" \/>\n<meta property=\"og:url\" content=\"https:\/\/lesbascules.fr\/en\/music\" \/>\n<meta property=\"og:site_name\" content=\"Les Bascules - Paris\" \/>\n<meta property=\"article:publisher\" content=\"https:\/\/facebook.com\/lesbascules\" \/>\n<meta property=\"article:modified_time\" content=\"2026-04-22T14:50:04+00:00\" \/>\n<meta property=\"og:image\" content=\"https:\/\/lesbascules.fr\/wp-content\/uploads\/2023\/05\/GweqwmL0.gif\" \/>\n<meta name=\"twitter:card\" content=\"summary_large_image\" \/>\n<meta name=\"twitter:label1\" content=\"Est. reading time\" \/>\n\t<meta name=\"twitter:data1\" content=\"3 minutes\" \/>\n<script type=\"application\/ld+json\" class=\"yoast-schema-graph\">{\"@context\":\"https:\\\/\\\/schema.org\",\"@graph\":[{\"@type\":\"WebPage\",\"@id\":\"https:\\\/\\\/lesbascules.fr\\\/en\\\/music\",\"url\":\"https:\\\/\\\/lesbascules.fr\\\/en\\\/music\",\"name\":\"MUSIC - Les Bascules - Paris\",\"isPartOf\":{\"@id\":\"https:\\\/\\\/lesbascules.fr\\\/en\\\/#website\"},\"primaryImageOfPage\":{\"@id\":\"https:\\\/\\\/lesbascules.fr\\\/en\\\/music#primaryimage\"},\"image\":{\"@id\":\"https:\\\/\\\/lesbascules.fr\\\/en\\\/music#primaryimage\"},\"thumbnailUrl\":\"https:\\\/\\\/lesbascules.fr\\\/wp-content\\\/uploads\\\/2023\\\/05\\\/GweqwmL0.gif\",\"datePublished\":\"2023-02-22T22:55:03+00:00\",\"dateModified\":\"2026-04-22T14:50:04+00:00\",\"breadcrumb\":{\"@id\":\"https:\\\/\\\/lesbascules.fr\\\/en\\\/music#breadcrumb\"},\"inLanguage\":\"en-US\",\"potentialAction\":[{\"@type\":\"ReadAction\",\"target\":[\"https:\\\/\\\/lesbascules.fr\\\/en\\\/music\"]}]},{\"@type\":\"ImageObject\",\"inLanguage\":\"en-US\",\"@id\":\"https:\\\/\\\/lesbascules.fr\\\/en\\\/music#primaryimage\",\"url\":\"https:\\\/\\\/lesbascules.fr\\\/wp-content\\\/uploads\\\/2023\\\/05\\\/GweqwmL0.gif\",\"contentUrl\":\"https:\\\/\\\/lesbascules.fr\\\/wp-content\\\/uploads\\\/2023\\\/05\\\/GweqwmL0.gif\"},{\"@type\":\"BreadcrumbList\",\"@id\":\"https:\\\/\\\/lesbascules.fr\\\/en\\\/music#breadcrumb\",\"itemListElement\":[{\"@type\":\"ListItem\",\"position\":1,\"name\":\"Accueil\",\"item\":\"https:\\\/\\\/lesbascules.fr\\\/en\\\/bar-sound\"},{\"@type\":\"ListItem\",\"position\":2,\"name\":\"MUSIC\"}]},{\"@type\":\"WebSite\",\"@id\":\"https:\\\/\\\/lesbascules.fr\\\/en\\\/#website\",\"url\":\"https:\\\/\\\/lesbascules.fr\\\/en\\\/\",\"name\":\"Les Bascules - Paris\",\"description\":\"Bar - Restaurant - Concert\",\"publisher\":{\"@id\":\"https:\\\/\\\/lesbascules.fr\\\/en\\\/#organization\"},\"potentialAction\":[{\"@type\":\"SearchAction\",\"target\":{\"@type\":\"EntryPoint\",\"urlTemplate\":\"https:\\\/\\\/lesbascules.fr\\\/en\\\/?s={search_term_string}\"},\"query-input\":{\"@type\":\"PropertyValueSpecification\",\"valueRequired\":true,\"valueName\":\"search_term_string\"}}],\"inLanguage\":\"en-US\"},{\"@type\":\"Organization\",\"@id\":\"https:\\\/\\\/lesbascules.fr\\\/en\\\/#organization\",\"name\":\"Les Bascules\",\"url\":\"https:\\\/\\\/lesbascules.fr\\\/en\\\/\",\"logo\":{\"@type\":\"ImageObject\",\"inLanguage\":\"en-US\",\"@id\":\"https:\\\/\\\/lesbascules.fr\\\/en\\\/#\\\/schema\\\/logo\\\/image\\\/\",\"url\":\"https:\\\/\\\/lesbascules.fr\\\/wp-content\\\/uploads\\\/2023\\\/01\\\/favicon.jpg\",\"contentUrl\":\"https:\\\/\\\/lesbascules.fr\\\/wp-content\\\/uploads\\\/2023\\\/01\\\/favicon.jpg\",\"width\":512,\"height\":512,\"caption\":\"Les Bascules\"},\"image\":{\"@id\":\"https:\\\/\\\/lesbascules.fr\\\/en\\\/#\\\/schema\\\/logo\\\/image\\\/\"},\"sameAs\":[\"https:\\\/\\\/facebook.com\\\/lesbascules\",\"https:\\\/\\\/www.instagram.com\\\/lesbascules\\\/\"]}]}<\/script>\n<!-- \/ Yoast SEO plugin. -->","yoast_head_json":{"title":"MUSIC - Les Bascules - Paris","robots":{"index":"index","follow":"follow","max-snippet":"max-snippet:-1","max-image-preview":"max-image-preview:large","max-video-preview":"max-video-preview:-1"},"canonical":"https:\/\/lesbascules.fr\/en\/music","og_locale":"en_US","og_type":"article","og_title":"MUSIC - Les Bascules - Paris","og_description":"LIVE MUSIC We welcome you on Thursday evenings to the cr\u00e8me de la cr\u00e8me of jazz in France (St\u00e9phane Guillaume, Baptiste Herbin, Sylvain Rifflet&#8230;) as well as promising emerging talents . Saturdays are devoted to duos performing a variety of music (soul, funk, bossa, french classics\u2026). \u00a0 Terms and conditions On concert evenings, a sum [&hellip;]","og_url":"https:\/\/lesbascules.fr\/en\/music","og_site_name":"Les Bascules - Paris","article_publisher":"https:\/\/facebook.com\/lesbascules","article_modified_time":"2026-04-22T14:50:04+00:00","og_image":[{"url":"https:\/\/lesbascules.fr\/wp-content\/uploads\/2023\/05\/GweqwmL0.gif","type":"","width":"","height":""}],"twitter_card":"summary_large_image","twitter_misc":{"Est. reading time":"3 minutes"},"schema":{"@context":"https:\/\/schema.org","@graph":[{"@type":"WebPage","@id":"https:\/\/lesbascules.fr\/en\/music","url":"https:\/\/lesbascules.fr\/en\/music","name":"MUSIC - Les Bascules - Paris","isPartOf":{"@id":"https:\/\/lesbascules.fr\/en\/#website"},"primaryImageOfPage":{"@id":"https:\/\/lesbascules.fr\/en\/music#primaryimage"},"image":{"@id":"https:\/\/lesbascules.fr\/en\/music#primaryimage"},"thumbnailUrl":"https:\/\/lesbascules.fr\/wp-content\/uploads\/2023\/05\/GweqwmL0.gif","datePublished":"2023-02-22T22:55:03+00:00","dateModified":"2026-04-22T14:50:04+00:00","breadcrumb":{"@id":"https:\/\/lesbascules.fr\/en\/music#breadcrumb"},"inLanguage":"en-US","potentialAction":[{"@type":"ReadAction","target":["https:\/\/lesbascules.fr\/en\/music"]}]},{"@type":"ImageObject","inLanguage":"en-US","@id":"https:\/\/lesbascules.fr\/en\/music#primaryimage","url":"https:\/\/lesbascules.fr\/wp-content\/uploads\/2023\/05\/GweqwmL0.gif","contentUrl":"https:\/\/lesbascules.fr\/wp-content\/uploads\/2023\/05\/GweqwmL0.gif"},{"@type":"BreadcrumbList","@id":"https:\/\/lesbascules.fr\/en\/music#breadcrumb","itemListElement":[{"@type":"ListItem","position":1,"name":"Accueil","item":"https:\/\/lesbascules.fr\/en\/bar-sound"},{"@type":"ListItem","position":2,"name":"MUSIC"}]},{"@type":"WebSite","@id":"https:\/\/lesbascules.fr\/en\/#website","url":"https:\/\/lesbascules.fr\/en\/","name":"Les Bascules - Paris","description":"Bar - Restaurant - Concert","publisher":{"@id":"https:\/\/lesbascules.fr\/en\/#organization"},"potentialAction":[{"@type":"SearchAction","target":{"@type":"EntryPoint","urlTemplate":"https:\/\/lesbascules.fr\/en\/?s={search_term_string}"},"query-input":{"@type":"PropertyValueSpecification","valueRequired":true,"valueName":"search_term_string"}}],"inLanguage":"en-US"},{"@type":"Organization","@id":"https:\/\/lesbascules.fr\/en\/#organization","name":"Les Bascules","url":"https:\/\/lesbascules.fr\/en\/","logo":{"@type":"ImageObject","inLanguage":"en-US","@id":"https:\/\/lesbascules.fr\/en\/#\/schema\/logo\/image\/","url":"https:\/\/lesbascules.fr\/wp-content\/uploads\/2023\/01\/favicon.jpg","contentUrl":"https:\/\/lesbascules.fr\/wp-content\/uploads\/2023\/01\/favicon.jpg","width":512,"height":512,"caption":"Les Bascules"},"image":{"@id":"https:\/\/lesbascules.fr\/en\/#\/schema\/logo\/image\/"},"sameAs":["https:\/\/facebook.com\/lesbascules","https:\/\/www.instagram.com\/lesbascules\/"]}]}},"_links":{"self":[{"href":"https:\/\/lesbascules.fr\/en\/wp-json\/wp\/v2\/pages\/4925","targetHints":{"allow":["GET"]}}],"collection":[{"href":"https:\/\/lesbascules.fr\/en\/wp-json\/wp\/v2\/pages"}],"about":[{"href":"https:\/\/lesbascules.fr\/en\/wp-json\/wp\/v2\/types\/page"}],"author":[{"embeddable":true,"href":"https:\/\/lesbascules.fr\/en\/wp-json\/wp\/v2\/users\/1"}],"replies":[{"embeddable":true,"href":"https:\/\/lesbascules.fr\/en\/wp-json\/wp\/v2\/comments?post=4925"}],"version-history":[{"count":287,"href":"https:\/\/lesbascules.fr\/en\/wp-json\/wp\/v2\/pages\/4925\/revisions"}],"predecessor-version":[{"id":7878,"href":"https:\/\/lesbascules.fr\/en\/wp-json\/wp\/v2\/pages\/4925\/revisions\/7878"}],"wp:attachment":[{"href":"https:\/\/lesbascules.fr\/en\/wp-json\/wp\/v2\/media?parent=4925"}],"curies":[{"name":"wp","href":"https:\/\/api.w.org\/{rel}","templated":true}]}}